{"id":373,"date":"2024-04-30T12:30:56","date_gmt":"2024-04-30T10:30:56","guid":{"rendered":"https:\/\/staging-yuntas-eu.stackstaging.com\/?post_type=acciones-co2rk&#038;p=373"},"modified":"2025-08-12T17:23:26","modified_gmt":"2025-08-12T15:23:26","slug":"reunion-con-consultores-forestales","status":"publish","type":"acciones-co2rk","link":"https:\/\/yuntas.eu\/pt-pt\/life-co2rk-actions\/reunion-con-consultores-forestales\/","title":{"rendered":"Reuni\u00f3n con Consultores Forestales"},"content":{"rendered":"\n<h3 class=\"wp-block-heading\">Objeto de la reuni\u00f3n<\/h3>\n\n\n\n<p>El motivo de la reuni\u00f3n es recabar la opini\u00f3n y aportaciones que pueden realizar los principales t\u00e9cnicos que trabajan en la gesti\u00f3n forestal de las fincas p\u00fablicas y privadas del Parque Natural de Los Alcornocales acerca de los <strong>objetivos de LIFE CO2RK<\/strong> y las herramientas que esperamos desarrollar para fomentar la <a href=\"https:\/\/yuntas.eu\/life-co2rk\/\"><strong>compensaci\u00f3n de emisiones<\/strong><\/a>.<\/p>\n\n\n\n<p>Para hacer viable la &#8220;arquitectura t\u00e9cnica, administrativa y financiera\u201d que pretende construir el proyecto es imprescindible la participaci\u00f3n en el dise\u00f1o de la misma de los t\u00e9cnicos que asesoran a los propietarios, y que planifican y desarrollan la gesti\u00f3n forestal en Andaluc\u00eda.<\/p>\n\n\n\n<p><\/p>\n\n\n\n<p>Al ser una iniciativa muy innovadora, hay a\u00fan muchos aspectos que no est\u00e1n definidos, por lo que se pide a los asistentes que aporten sus contribuciones y cr\u00edticas, que sean&nbsp;comprensivos con los ritmos y con las indefiniciones que detecten, y que entiendan esta situaci\u00f3n no como una flaqueza sino como una oportunidad, pues podr\u00e1n influir en la construcci\u00f3n de un sistema en el que en breve intervendr\u00e1n como operadores o asesores<\/p>\n\n\n\n<p><\/p>\n\n\n\n<h3 class=\"wp-block-heading\">Algunas claves de LIFE CO2RK<\/h3>\n\n\n\n<h4 class=\"wp-block-heading has-text-color has-link-color wp-elements-e3859007bcae2f5ddfd10aa8e005bd40\" style=\"color:#c25b11\"><a>Compensaci\u00f3n no s\u00f3lo por repoblaci\u00f3n<\/a><\/h4>\n\n\n\n<p>La clave de <a href=\"https:\/\/yuntas.eu\/life-co2rk\/\" data-type=\"link\" data-id=\"https:\/\/yuntas.eu\/life-co2rk\/\">LIFE CO2RK<\/a> es que el SACE va a admitir no s\u00f3lo las reforestaciones, como hace el Sistema de Compensaci\u00f3n estatal impulsado por el MITECO, sino tambi\u00e9n la demanda de LIFE CO2RK:\u00a0<\/p>\n\n\n\n<p>Que el manejo sostenible del bosque, que genera un mejor crecimiento de las especies forestales, sea tenido en cuenta como elemento que incrementa la captaci\u00f3n de CO<sub>2<\/sub>, lo cual debe reconocer las buenas pr\u00e1cticas silv\u00edcolas e impulsar la recuperaci\u00f3n del Monte Alcornocal frente a fen\u00f3menos de decaimiento o de retroceso de la superficie.<\/p>\n\n\n\n<h4 class=\"wp-block-heading has-text-color has-link-color wp-elements-21761723bd95d1d21773d201a724b217\" style=\"color:#bb5e1d\"><a>Tipolog\u00edas de Monte Alcornocal<\/a><\/h4>\n\n\n\n<p>Miguel \u00c1ngel Lara (IDAF) explica las 6 tipolog\u00edas, c\u00f3mo ha sido el proceso para definir ese n\u00famero de tipos y las caracter\u00edsticas de cada uno. Se acepta la clasificaci\u00f3n como v\u00e1lida.<\/p>\n\n\n\n<h4 class=\"wp-block-heading has-text-color has-link-color wp-elements-073394886915c0e2b130a3fbb590d54f\" style=\"color:#bb5e1d\"><a>Normativa andaluza sobre Cambio Clim\u00e1tico y SACE<\/a><\/h4>\n\n\n\n<p>Miguel Gil expone las l\u00edneas fundamentales del Sistema Andaluz de Compensaci\u00f3n de Emisiones. Se hace hincapi\u00e9 en que recientemente la Junta de Andaluc\u00eda ha admitido la compensaci\u00f3n no s\u00f3lo en monte p\u00fablico sino por parte de los propietarios privados.<\/p>\n\n\n\n<p>As\u00ed mismo, todos los convocados son conscientes de su gran ventaja al admitir la compensaci\u00f3n no s\u00f3lo en terrenos repoblados tras un incendio.<\/p>\n\n\n\n<p>Ello unido a la aceptaci\u00f3n del manejo selv\u00edcola como fuente de fijaci\u00f3n adicional de Carbono supone que la tarea de planificaci\u00f3n y ejecuci\u00f3n de labores forestales de los t\u00e9cnicos convocados sea, en su mayor\u00eda, susceptible de optar a la financiaci\u00f3n adicional que intenta impulsar CO2RK.<\/p>\n\n\n\n<p>Se aclaran algunos conceptos como qu\u00e9 tipo de empresas integran el \u201csector difuso\u201d.<\/p>\n\n\n\n<h4 class=\"wp-block-heading has-text-color has-link-color wp-elements-e0207542c12594873c6f6d47af902201\" style=\"color:#bb5e1d\"><a>Circuito financiero previsible<\/a><\/h4>\n\n\n\n<p>Se exponen las conclusiones de la reuni\u00f3n que se mantuvo con SACE el d\u00eda anterior:<\/p>\n\n\n\n<ul class=\"wp-block-list\">\n<li>20% de las UDAs se financian por anticipado (UDAS EXANTE) para ayudar al propietario en la ejecuci\u00f3n de las tareas iniciales<\/li>\n\n\n\n<li>70% UDAS en pagos EXPOST despu\u00e9s de cada verificaci\u00f3n, pero&nbsp;este tema a\u00fan no est\u00e1 definido: si se opta por acuerdos a 10 a\u00f1os frente a la pretensi\u00f3n de 30 a\u00f1os de SACE, una verificaci\u00f3n dar\u00eda derecho a 20% UDAs aproximadamente<\/li>\n\n\n\n<li>10% UDAs van a un FONDO DE GARANT\u00cdA con el que la Administraci\u00f3n (Consejer\u00eda) pueda compensar a un propietario ante un evento de fuerza mayor, como ser\u00eda un incendio durante el periodo en que ha estado ejecutando un acuerdo de compensaci\u00f3n<\/li>\n<\/ul>\n\n\n\n<figure class=\"wp-block-image size-full is-resized\"><img loading=\"lazy\" decoding=\"async\" width=\"928\" height=\"425\" src=\"https:\/\/yuntas.eu\/wp-content\/uploads\/2025\/08\/Foto-de-grupo-1024x486-1.webp\" alt=\"Foto de grupo consultores forestales\" class=\"wp-image-2026\" style=\"width:845px;height:auto\" srcset=\"https:\/\/yuntas.eu\/wp-content\/uploads\/2025\/08\/Foto-de-grupo-1024x486-1.webp 928w, https:\/\/yuntas.eu\/wp-content\/uploads\/2025\/08\/Foto-de-grupo-1024x486-1-300x137.webp 300w, https:\/\/yuntas.eu\/wp-content\/uploads\/2025\/08\/Foto-de-grupo-1024x486-1-768x352.webp 768w, https:\/\/yuntas.eu\/wp-content\/uploads\/2025\/08\/Foto-de-grupo-1024x486-1-600x275.webp 600w\" sizes=\"auto, (max-width: 928px) 100vw, 928px\" \/><\/figure>\n","protected":false},"excerpt":{"rendered":"<p>El 4 de Abril se celebr\u00f3 una reuni\u00f3n de trabajo con los principales consultores que prestan asistencia t\u00e9cnica en la gesti\u00f3n forestal de las fincas privadas del Parque Natural de Los Alcornocales. Se explic\u00f3 en detalle el Proyecto LIFE CO2RK y se estableci\u00f3 una din\u00e1mica de trabajo para contar con las aportaciones de estos profesionales<\/p>\n","protected":false},"featured_media":483,"template":"","class_list":["post-373","acciones-co2rk","type-acciones-co2rk","status-publish","has-post-thumbnail","hentry"],"acf":[],"_links":{"self":[{"href":"https:\/\/yuntas.eu\/pt-pt\/wp-json\/wp\/v2\/acciones-co2rk\/373","targetHints":{"allow":["GET"]}}],"collection":[{"href":"https:\/\/yuntas.eu\/pt-pt\/wp-json\/wp\/v2\/acciones-co2rk"}],"about":[{"href":"https:\/\/yuntas.eu\/pt-pt\/wp-json\/wp\/v2\/types\/acciones-co2rk"}],"wp:featuredmedia":[{"embeddable":true,"href":"https:\/\/yuntas.eu\/pt-pt\/wp-json\/wp\/v2\/media\/483"}],"wp:attachment":[{"href":"https:\/\/yuntas.eu\/pt-pt\/wp-json\/wp\/v2\/media?parent=373"}],"curies":[{"name":"wp","href":"https:\/\/api.w.org\/{rel}","templated":true}]}}