{"id":2921,"date":"2025-10-30T23:44:00","date_gmt":"2025-10-30T22:44:00","guid":{"rendered":"https:\/\/yuntas.eu\/?post_type=acciones-co2rk&#038;p=2921"},"modified":"2026-03-04T22:16:50","modified_gmt":"2026-03-04T21:16:50","slug":"conferencia-internacional-riga","status":"publish","type":"acciones-co2rk","link":"https:\/\/yuntas.eu\/pt-pt\/life-co2rk-actions\/conferencia-internacional-riga\/","title":{"rendered":"CO2RK en la Conferencia Internacional \u201cTogether for Nature\u201d en Riga"},"content":{"rendered":"\n<p>CO2RK particip\u00f3 el pasado mes de septiembre de 2025 en la&nbsp;Conferencia Internacional &#8220;Together for Nature: Merging Public and Private Efforts&#8221;, celebrada en Riga (Letonia). En este encuentro internacional, la Consejer\u00eda de Sostenibilidad y Medio Ambiente de la Junta de Andaluc\u00eda y YUNTAS,&nbsp;como socios responsables de generar v\u00ednculos internacionales&nbsp;en CO2RK, pudieron compartir ideas y objetivos con expertos de los sectores p\u00fablico y privado del \u00e1mbito de la conservaci\u00f3n de la naturaleza, pol\u00edticos y responsables de la Comisi\u00f3n Europea, as\u00ed como ONG\u00b4s ambientalistas y representantes de otros proyectos LIFE.<\/p>\n\n\n\n<figure class=\"wp-block-image size-large\"><img loading=\"lazy\" decoding=\"async\" width=\"1024\" height=\"521\" src=\"https:\/\/yuntas.eu\/wp-content\/uploads\/2026\/02\/CO2RK-in-Riga_LatviaNature-1024x521.webp\" alt=\"\" class=\"wp-image-2924\" srcset=\"https:\/\/yuntas.eu\/wp-content\/uploads\/2026\/02\/CO2RK-in-Riga_LatviaNature-1024x521.webp 1024w, https:\/\/yuntas.eu\/wp-content\/uploads\/2026\/02\/CO2RK-in-Riga_LatviaNature-300x153.webp 300w, https:\/\/yuntas.eu\/wp-content\/uploads\/2026\/02\/CO2RK-in-Riga_LatviaNature-768x391.webp 768w, https:\/\/yuntas.eu\/wp-content\/uploads\/2026\/02\/CO2RK-in-Riga_LatviaNature-1200x611.webp 1200w, https:\/\/yuntas.eu\/wp-content\/uploads\/2026\/02\/CO2RK-in-Riga_LatviaNature-600x305.webp 600w, https:\/\/yuntas.eu\/wp-content\/uploads\/2026\/02\/CO2RK-in-Riga_LatviaNature.webp 1375w\" sizes=\"auto, (max-width: 1024px) 100vw, 1024px\" \/><figcaption class=\"wp-element-caption\">Sal\u00f3n plenario de la Conferencia. Lynn Barrat, moderadora del bloque de financiaci\u00f3n, exponiendo las conclusiones<\/figcaption><\/figure>\n\n\n\n<h2 class=\"wp-block-heading\">CO2RK como referente para la CE<\/h2>\n\n\n\n<p>Durante el evento fue posible intercambiar impresiones con Andrea Vettori, jefe de la Unidad de Biodiversidad de la Comisi\u00f3n Europea, sobre&nbsp;la arquitectura t\u00e9cnica, administrativa, jur\u00eddica y operativa que est\u00e1 desarrollando&nbsp;CO2RK para los cr\u00e9ditos de carbono en los bosques de crecimiento lento en toda la UE. <\/p>\n\n\n\n<p>Para la&nbsp;Comisi\u00f3n Europea es absolutamente prioritario&nbsp;el desarrollo de f\u00f3rmulas para captar inversiones privadas en favor de una mejor gesti\u00f3n de los ecosistemas, y recompensar con ellas a los propietarios que hacen una gesti\u00f3n sostenible de terrenos forestales de alto valor ecol\u00f3gico, est\u00e9n o no dentro de la Red Natura2000, y que mantengan sistemas de explotaci\u00f3n beneficiosos para el Medio Ambiente y la Mitigaci\u00f3n del Cambio Clim\u00e1tico. LIFE CO2RK supone en estos momentos una referencia para toda la UE.<\/p>\n\n\n\n<h2 class=\"wp-block-heading\">Ponencia de LIFE CO2RK<\/h2>\n\n\n\n<figure class=\"wp-block-image size-large\"><img loading=\"lazy\" decoding=\"async\" width=\"1024\" height=\"506\" src=\"https:\/\/yuntas.eu\/wp-content\/uploads\/2025\/10\/Conferencia-Miguel-Gil-CO2RK-1-1024x506.webp\" alt=\"\" class=\"wp-image-3086\" srcset=\"https:\/\/yuntas.eu\/wp-content\/uploads\/2025\/10\/Conferencia-Miguel-Gil-CO2RK-1-1024x506.webp 1024w, https:\/\/yuntas.eu\/wp-content\/uploads\/2025\/10\/Conferencia-Miguel-Gil-CO2RK-1-300x148.webp 300w, https:\/\/yuntas.eu\/wp-content\/uploads\/2025\/10\/Conferencia-Miguel-Gil-CO2RK-1-768x379.webp 768w, https:\/\/yuntas.eu\/wp-content\/uploads\/2025\/10\/Conferencia-Miguel-Gil-CO2RK-1-1536x759.webp 1536w, https:\/\/yuntas.eu\/wp-content\/uploads\/2025\/10\/Conferencia-Miguel-Gil-CO2RK-1-1200x593.webp 1200w, https:\/\/yuntas.eu\/wp-content\/uploads\/2025\/10\/Conferencia-Miguel-Gil-CO2RK-1-600x296.webp 600w, https:\/\/yuntas.eu\/wp-content\/uploads\/2025\/10\/Conferencia-Miguel-Gil-CO2RK-1.webp 1620w\" sizes=\"auto, (max-width: 1024px) 100vw, 1024px\" \/><figcaption class=\"wp-element-caption\">Miguel Gil en un momento de la presentaci\u00f3n de LIFE CO2RK, \u00fanico proyecto con f\u00f3rmulas de financiaci\u00f3n privada de acciones de Conservaci\u00f3n y Restauraci\u00f3n de la Naturaleza<\/figcaption><\/figure>\n\n\n\n<p>El objeto de esta Conferencia Internacional es la b\u00fasqueda de f\u00f3rmulas de financiaci\u00f3n de las pol\u00edticas ambientales.<em>&nbsp;<\/em>CO2RK realiz\u00f3 una presentaci\u00f3n en una de las tres sesiones tem\u00e1ticas organizadas centrada&nbsp;en&nbsp;\u201cIncentivar a los propietarios de tierras privadas mediante programas de financiaci\u00f3n\u201d.&nbsp;La presentaci\u00f3n de CO2RK expuso las claves del proyecto, haciendo \u00e9nfasis en los factores diferenciales e innovadores, como son las metodolog\u00edas de c\u00e1lculo para medir los flujos de Carbono en los ecosistemas de alcornocal y hayedo de alta monta\u00f1a, y determinar el impacto de los factores naturales y de la gesti\u00f3n forestal espec\u00edfica en la capacidad de secuestro de CO2 del suelo y de la biomasa vegetal.<\/p>\n\n\n\n<p>Estas metodolog\u00edas empiezan a aportar cifras y estimaciones que sugieren que ser\u00e1 rentable para el propietario la participaci\u00f3n en proyectos de compensaci\u00f3n, pues el valor monetario de la absorci\u00f3n (\u20ac\/Ton CO<sub>2<\/sub>eq) permitir\u00e1 financiar medidas de gesti\u00f3n forestal que&nbsp;<em>maximizar\u00e1n<\/em>&nbsp;secuestren el CO<sub>2<\/sub> pero que adem\u00e1s mejorar\u00e1n la rentabilidad de la explotaci\u00f3n corchera o maderera sostenible, y garantizar\u00e1n el necesario relevo generacional en esos montes.<\/p>\n\n\n\n<p>Se hizo hincapi\u00e9 en la siguiente fase que va a desarrollar CO2RK, en paralelo al trabajo cient\u00edfico-t\u00e9cnico, que consiste en la captaci\u00f3n de propietarios forestales y potenciales inversores. Una fase clave para el \u00e9xito del sistema de compensaci\u00f3n, en la que ambas partes, pese a ser un proyecto a\u00fan en desarrollo, muestran mucho inter\u00e9s, valoran los progresos del proyecto y trasladan su esperanza de que el sistema est\u00e9 operativo con todas las garant\u00edas en los plazos comprometidos.<\/p>\n\n\n\n<p>Se gener\u00f3 un prolongado debate en el que los asistentes insistieron en conocer algunas claves de la f\u00f3rmula que propone CO2RK, principalmente:<\/p>\n\n\n\n<h4 class=\"wp-block-heading\">\u00bfC\u00f3mo pasar de financiaci\u00f3n v\u00eda subsidios a financiaci\u00f3n privada?&nbsp;<\/h4>\n\n\n\n<p>CO2RK explic\u00f3 ante los asistentes que se busca compatibilizar ambos separando el destino final de cada fuente de financiaci\u00f3n. La captaci\u00f3n de fondos privados s\u00f3lo es posible con un respaldo jur\u00eddico que en Andaluc\u00eda lo aporta la Ley Andaluza de Cambio Clim\u00e1tico.<\/p>\n\n\n\n<p>Para CO2RK, el secuestro de CO<sub>2<\/sub>&nbsp;no es un sustituto de la explotaci\u00f3n sostenible que ya se desarrolla, sino un incentivo para la recuperaci\u00f3n de la misma en \u00e1reas degradadas por exceso de carga cineg\u00e9tica, por la acci\u00f3n de plagas, por el cambio clim\u00e1tico o simplemente por el abandono del manejo forestal.<\/p>\n\n\n\n<h4 class=\"wp-block-heading\">\u00bfQu\u00e9 papel tendr\u00e1n los bonos de Naturaleza?<\/h4>\n\n\n\n<p>La publicaci\u00f3n el 7 de Julio de la comunicaci\u00f3n \u201cRoadmap towards Nature Credits\u201d por la Comisi\u00f3n Europea ha impactado en los sectores ambiental y forestal de toda la UE, si bien hay a\u00fan muchas incertidumbres.&nbsp;<\/p>\n\n\n\n<p>La impresi\u00f3n de CO2RK tras las conversaciones mantenidas en Riga con representantes de la Comisi\u00f3n Europea, es que <strong>el marco jur\u00eddico, t\u00e9cnico y operativo que desarrolla CO2RK puede ser la referencia tambi\u00e9n para los Bonos de Naturaleza<\/strong>.\u00a0As\u00ed lo manifiesta en el siguiente video Lynn Barrat, moderadora de la sesi\u00f3n, que resalta que s\u00f3lo 1 de 50 participantes est\u00e1 avanzando en la captaci\u00f3n de fondos privados para la gesti\u00f3n de los ecosistemas, mostrando el camino a seguir<\/p>\n\n\n\n<figure class=\"wp-block-embed is-type-video is-provider-youtube wp-block-embed-youtube wp-embed-aspect-16-9 wp-has-aspect-ratio\"><div class=\"wp-block-embed__wrapper\">\n<iframe loading=\"lazy\" title=\"Incentivizing Private Landowners Through Funding Schemes - report from thematic session to plenary\" width=\"500\" height=\"281\" src=\"https:\/\/www.youtube.com\/embed\/-4tt7LkEOvA?feature=oembed\" frameborder=\"0\" allow=\"accelerometer; autoplay; clipboard-write; encrypted-media; gyroscope; picture-in-picture; web-share\" referrerpolicy=\"strict-origin-when-cross-origin\" allowfullscreen><\/iframe>\n<\/div><\/figure>\n\n\n\n<h4 class=\"wp-block-heading\">\u00bfHay suficiente potencial en la financiaci\u00f3n privada?<\/h4>\n\n\n\n<p>Lynn Barrat, moderadora, expuso algunas cifras: la Comisi\u00f3n Europea estima que la UE destina 48.000 M\u20ac\/a\u00f1o a la gesti\u00f3n y recuperaci\u00f3n de la biodiversidad (principalmente en la Red Natura2000), pero se necesitar\u00edan 65.000 M\u20ac\/a\u00f1o para incorporar la Restauraci\u00f3n de la Naturaleza.<\/p>\n\n\n\n<p>Esos 19.000 M\u20ac adicionales puede aportarlos el sector privado en su propio inter\u00e9s, y como ejemplo expone la ca\u00edda en bolsa de decenas de miles de millones de d\u00f3lares que sufre TESLA desde 2025 por un problema reputacional. Para mejorar esa reputaci\u00f3n el sector privado tiene una oportunidad en la financiaci\u00f3n de proyectos como LIFE CO2RK o en la Ley de Restauraci\u00f3n de la Naturaleza.<\/p>\n\n\n\n<h4 class=\"wp-block-heading\">El problema de la credibilidad: \u00bfQu\u00e9 papel juega la certificaci\u00f3n?<\/h4>\n\n\n\n<p>Varios asistentes pusieron ejemplos de grandes inversores deseando invertir, o incluso invirtiendo directamente en la mejora de determinados ecosistemas (Nestl\u00e9, por ejemplo, para dar robustez a su negocio de alimentos infantiles est\u00e1 invirtiendo en zonas tropicales y subtropicales porque mejorar los indicadores ambientales garantiza su provisi\u00f3n de materias primas de calidad y alejadas de cualquier riesgo de contaminaci\u00f3n).<\/p>\n\n\n\n<p>El problema puede radicar en la certificaci\u00f3n: Los inversores demandan sistemas robustos, transparente y cre\u00edbles\u2026 pero los t\u00e9cnicos y gestores debemos evitar que sean excesivamente costosos para el propietario que debe desarrollar la actuaci\u00f3n en su monte.<\/p>\n\n\n\n<h4 class=\"wp-block-heading\">\u00bfC\u00f3mo reconocer una gesti\u00f3n sostenible desde hace generaciones?<\/h4>\n\n\n\n<p>Los actuales sistemas premian la adicionalidad, de manera que cuanto m\u00e1s degradado est\u00e9 el h\u00e1bitat sobre el que se act\u00faa, mayor ser\u00e1 su capacidad de captaci\u00f3n de fondos. Se explica que esa es una de las preocupaciones de CO2RK, y que el proyecto est\u00e1 desarrollando m\u00e9tricas que valoricen la adicionalidad no s\u00f3lo sobre la \u201cl\u00ednea base\u201d que se mida en campo, sino sobre los m\u00ednimos legales establecidos, de manera que propietarios que ya superan esos umbrales desde hace d\u00e9cadas vean reconocido su esfuerzo.Tambi\u00e9n se ha reducido al m\u00ednimo de superficie el tama\u00f1o m\u00ednimo de una actuaci\u00f3n de compensaci\u00f3n, lo que permite aplicar la Silvicultura del Carbono incluso a 1 Ha afectada por una plaga, o que por un incendio hace 50 a\u00f1os qued\u00f3 como un claro en el monte, o que simplemente por senectud necesita un apoyo para la regeneraci\u00f3n natural mediante una plantaci\u00f3n o mediante un cerramiento frente a los c\u00e9rvidos.<\/p>\n\n\n\n<figure class=\"wp-block-image size-large\"><img loading=\"lazy\" decoding=\"async\" width=\"1024\" height=\"522\" src=\"https:\/\/yuntas.eu\/wp-content\/uploads\/2026\/02\/Together4Nature_Riga_LIFELatviaNature-1024x522.webp\" alt=\"\" class=\"wp-image-2926\" srcset=\"https:\/\/yuntas.eu\/wp-content\/uploads\/2026\/02\/Together4Nature_Riga_LIFELatviaNature-1024x522.webp 1024w, https:\/\/yuntas.eu\/wp-content\/uploads\/2026\/02\/Together4Nature_Riga_LIFELatviaNature-300x153.webp 300w, https:\/\/yuntas.eu\/wp-content\/uploads\/2026\/02\/Together4Nature_Riga_LIFELatviaNature-768x392.webp 768w, https:\/\/yuntas.eu\/wp-content\/uploads\/2026\/02\/Together4Nature_Riga_LIFELatviaNature-1200x612.webp 1200w, https:\/\/yuntas.eu\/wp-content\/uploads\/2026\/02\/Together4Nature_Riga_LIFELatviaNature-600x306.webp 600w, https:\/\/yuntas.eu\/wp-content\/uploads\/2026\/02\/Together4Nature_Riga_LIFELatviaNature.webp 1372w\" sizes=\"auto, (max-width: 1024px) 100vw, 1024px\" \/><figcaption class=\"wp-element-caption\">Detalle de los asistentes a las sesiones plenarias<\/figcaption><\/figure>\n\n\n\n<h2 class=\"wp-block-heading\">Conclusiones<\/h2>\n\n\n\n<p>La participaci\u00f3n de la financiaci\u00f3n privada en las acciones de restauraci\u00f3n de la naturaleza son el futuro, pero a\u00fan se encuentran en una fase temprana de formulaci\u00f3n y desarrollo. CO2RK se halla en una posici\u00f3n de vanguardia en la UE, es decir: en una posici\u00f3n bastante solitaria, innovadora, avanzando en terreno desconocido, y por tanto sujeto a progresar mediante un m\u00e9todo de ensayo \u2013 error en el que es preciso involucrar a las partes interesadas para acertar en el dise\u00f1o de un marco t\u00e9cnico, administrativo, jur\u00eddico y operativo ambicioso que resulte atractivo a todas las partes.<\/p>\n\n\n\n<figure class=\"wp-block-image size-large\"><img loading=\"lazy\" decoding=\"async\" width=\"1024\" height=\"488\" src=\"https:\/\/yuntas.eu\/wp-content\/uploads\/2025\/10\/Together4Nature_Riga_Participants-1024x488.webp\" alt=\"\" class=\"wp-image-3088\" srcset=\"https:\/\/yuntas.eu\/wp-content\/uploads\/2025\/10\/Together4Nature_Riga_Participants-1024x488.webp 1024w, https:\/\/yuntas.eu\/wp-content\/uploads\/2025\/10\/Together4Nature_Riga_Participants-300x143.webp 300w, https:\/\/yuntas.eu\/wp-content\/uploads\/2025\/10\/Together4Nature_Riga_Participants-768x366.webp 768w, https:\/\/yuntas.eu\/wp-content\/uploads\/2025\/10\/Together4Nature_Riga_Participants-1536x732.webp 1536w, https:\/\/yuntas.eu\/wp-content\/uploads\/2025\/10\/Together4Nature_Riga_Participants-1200x572.webp 1200w, https:\/\/yuntas.eu\/wp-content\/uploads\/2025\/10\/Together4Nature_Riga_Participants-600x286.webp 600w, https:\/\/yuntas.eu\/wp-content\/uploads\/2025\/10\/Together4Nature_Riga_Participants.webp 1623w\" sizes=\"auto, (max-width: 1024px) 100vw, 1024px\" \/><figcaption class=\"wp-element-caption\">Los participantes de la sesi\u00f3n en una foto de familia. En primera fila, entre otros, Lynn Barrat, la Directora General de la Agencia de Conservaci\u00f3n de la Naturaleza de Letonia Laura Anteina, Miguel Gil (Yuntas &#8211; CO2RK), Gary Goggins, Carmen Jaen (Yuntas &#8211; CO2RK), Juan Manuel Fornell (Junta Andaluc\u00eda &#8211; CO2RK) y Andris Klepers (investigador, Universidad Vidzeme)<\/figcaption><\/figure>\n","protected":false},"excerpt":{"rendered":"<p>El Proyecto LIFE Estrat\u00e9gico LatviaNature acogi\u00f3 en Septiembre 2025 la Conferencia Internacional &#8220;Together for Nature&#8221; en Riga, Letonia<\/p>\n","protected":false},"featured_media":2923,"template":"","class_list":["post-2921","acciones-co2rk","type-acciones-co2rk","status-publish","has-post-thumbnail","hentry"],"acf":[],"_links":{"self":[{"href":"https:\/\/yuntas.eu\/pt-pt\/wp-json\/wp\/v2\/acciones-co2rk\/2921","targetHints":{"allow":["GET"]}}],"collection":[{"href":"https:\/\/yuntas.eu\/pt-pt\/wp-json\/wp\/v2\/acciones-co2rk"}],"about":[{"href":"https:\/\/yuntas.eu\/pt-pt\/wp-json\/wp\/v2\/types\/acciones-co2rk"}],"wp:featuredmedia":[{"embeddable":true,"href":"https:\/\/yuntas.eu\/pt-pt\/wp-json\/wp\/v2\/media\/2923"}],"wp:attachment":[{"href":"https:\/\/yuntas.eu\/pt-pt\/wp-json\/wp\/v2\/media?parent=2921"}],"curies":[{"name":"wp","href":"https:\/\/api.w.org\/{rel}","templated":true}]}}