{"id":1538,"date":"2024-11-04T08:35:40","date_gmt":"2024-11-04T07:35:40","guid":{"rendered":"https:\/\/yuntas.eu\/?post_type=acciones-co2rk&#038;p=1538"},"modified":"2025-08-12T17:18:22","modified_gmt":"2025-08-12T15:18:22","slug":"presentaciones-a-empresas-de-sector-difuso","status":"publish","type":"acciones-co2rk","link":"https:\/\/yuntas.eu\/pt-pt\/life-co2rk-actions\/presentaciones-a-empresas-de-sector-difuso\/","title":{"rendered":"Presentaciones a empresas de Sector Difuso"},"content":{"rendered":"\n<figure class=\"wp-block-gallery has-nested-images columns-default is-cropped wp-block-gallery-1 is-layout-flex wp-block-gallery-is-layout-flex\">\n<figure class=\"wp-block-image size-large\"><img loading=\"lazy\" decoding=\"async\" width=\"1024\" height=\"403\" data-id=\"1543\" src=\"https:\/\/yuntas.eu\/wp-content\/uploads\/2024\/11\/Presentacion-Torrent-1024x403.jpeg\" alt=\"\" class=\"wp-image-1543\" srcset=\"https:\/\/yuntas.eu\/wp-content\/uploads\/2024\/11\/Presentacion-Torrent-1024x403.jpeg 1024w, https:\/\/yuntas.eu\/wp-content\/uploads\/2024\/11\/Presentacion-Torrent-300x118.jpeg 300w, https:\/\/yuntas.eu\/wp-content\/uploads\/2024\/11\/Presentacion-Torrent-768x302.jpeg 768w, https:\/\/yuntas.eu\/wp-content\/uploads\/2024\/11\/Presentacion-Torrent-1536x604.jpeg 1536w, https:\/\/yuntas.eu\/wp-content\/uploads\/2024\/11\/Presentacion-Torrent-2048x806.jpeg 2048w, https:\/\/yuntas.eu\/wp-content\/uploads\/2024\/11\/Presentacion-Torrent-1200x472.jpeg 1200w, https:\/\/yuntas.eu\/wp-content\/uploads\/2024\/11\/Presentacion-Torrent-600x236.jpeg 600w\" sizes=\"auto, (max-width: 1024px) 100vw, 1024px\" \/><figcaption class=\"wp-element-caption\">Presentaci\u00f3n a empresas realizada en la sede del Grupo Torrent, l\u00edder mundial en tapones para botellas, que lleva m\u00e1s de 100 a\u00f1os fabricando en Jerez de la Frontera, y ya con f\u00e1bricas en tres continentes.<\/figcaption><\/figure>\n<\/figure>\n\n\n\n<h3 class=\"wp-block-heading\">Respuesta de las empresas<\/h3>\n\n\n\n<p>LIFE CO2RK est\u00e1 manteniendo encuentros formales con empresas que operan en Andaluc\u00eda para exponerles los objetivos del proyecto, la forma en que pueden apoyarlo, y las ventajas que para ellas y para toda la sociedad tendr\u00eda su adhesi\u00f3n a <a href=\"https:\/\/yuntas.eu\/life-co2rk\/\"><strong>Proyectos de Compensaci\u00f3n de Emisiones de CO2 <\/strong><\/a>que se traduzcan, adem\u00e1s de en compensaci\u00f3n, en recuperaci\u00f3n del Alcornocal como ecosistema de una gran riqueza ambiental y que es fuente de riqueza y empleo en muchas comarcas de la Pen\u00ednsula Ib\u00e9rica.<\/p>\n\n\n\n<p>La respuesta est\u00e1 superando las previsiones, a pesar de que el proyecto LIFE CO2RK est\u00e1 a\u00fan en sus fases iniciales, desarrollando metodolog\u00edas cient\u00edficas para medir con absoluto rigor cu\u00e1nto CO2 secuestra cada hect\u00e1rea de alcornocal, como base para posteriormente poder certificar la compensaci\u00f3n y favorecer que se cree un mercado de cr\u00e9ditos de carbono.<\/p>\n\n\n\n<h4 class=\"wp-block-heading has-text-color has-link-color wp-elements-5d0f7b3573782ee1f0a1672acb75be3a\" style=\"color:#bb5e1d\"><a>Actos de presentaci\u00f3n<\/a><\/h4>\n\n\n\n<p>Adem\u00e1s de los contactos a nivel individual que mantiene el Director de CO2RK Juan Manuel Fornell, con grandes empresas (&#8220;campeones nacionales \/ europeos&#8221;) como son AIRBUS, ENEL, MAERSK&#8230; el proyecto est\u00e1 desarrollando actos formales con grandes y medianas empresas cuyas sedes centrales est\u00e1n en la provincia de C\u00e1diz, y que aunque desarrollen actividad a nivel global, son muy conocedoras del Parque Natural de Los Alcornocales y est\u00e1n muy motivadas para apoyar su regeneraci\u00f3n.<\/p>\n\n\n\n<h3 class=\"wp-block-heading\">Compensaci\u00f3n de Emisiones de CO2 y Cambio Clim\u00e1tico<\/h3>\n\n\n\n<p>La compensaci\u00f3n de emisiones es el \u00faltimo paso en las medidas de Mitigaci\u00f3n del Cambio Clim\u00e1tico, las que buscan frenar el deterioro e impedir que se caliente el planeta 1,5\u00baC m\u00e1s en 2050, con el consiguiente impacto en el medio ambiente, la agricultura, los desastres naturales y la salud de las personas.<\/p>\n\n\n\n<p>El primer paso es la reducci\u00f3n de emisiones, que requiere una auditor\u00eda previa para determinar cu\u00e1nto emite cada empresa y cu\u00e1les son las actividades m\u00e1s perniciosas en este sentido. El Sistema Andaluz de Compensaci\u00f3n de Emisiones (SACE) ayuda a las empresas del sector difuso a auditar, reducir y, a trav\u00e9s de <strong><a href=\"https:\/\/yuntas.eu\/life-co2rk\/\" data-type=\"link\" data-id=\"https:\/\/yuntas.eu\/life-co2rk\/\">LIFE CO2RK<\/a><\/strong>, a compensar sus emisiones.<\/p>\n\n\n\n<h4 class=\"wp-block-heading has-text-color has-link-color wp-elements-592c880788c6dc2017739c9c5db4dad2\" style=\"color:#bb5e1d\"><a>Expectaci\u00f3n<\/a><\/h4>\n\n\n\n<p>Las empresas que han participado en encuentros de presentaci\u00f3n se han mostrado muy expectantes a pesar de que CO2RK a\u00fan est\u00e1 en fase de despliegue. <\/p>\n\n\n\n<ul class=\"wp-block-list\">\n<li>20% de las UDAs se financian por anticipado (UDAS EXANTE) para ayudar al propietario en la ejecuci\u00f3n de las tareas iniciales<\/li>\n\n\n\n<li>70% UDAS en pagos EXPOST despu\u00e9s de cada verificaci\u00f3n, pero&nbsp;este tema a\u00fan no est\u00e1 definido: si se opta por acuerdos a 10 a\u00f1os frente a la pretensi\u00f3n de 30 a\u00f1os de SACE, una verificaci\u00f3n dar\u00eda derecho a 20% UDAs aproximadamente<\/li>\n\n\n\n<li>10% UDAs van a un FONDO DE GARANT\u00cdA con el que la Administraci\u00f3n (Consejer\u00eda) pueda compensar a un propietario ante un evento de fuerza mayor, como ser\u00eda un incendio durante el periodo en que ha estado ejecutando un acuerdo de compensaci\u00f3n<\/li>\n<\/ul>\n\n\n\n<figure class=\"wp-block-gallery has-nested-images columns-default is-cropped wp-block-gallery-2 is-layout-flex wp-block-gallery-is-layout-flex\">\n<figure class=\"wp-block-image size-full\"><img loading=\"lazy\" decoding=\"async\" width=\"1000\" height=\"578\" data-id=\"2050\" src=\"https:\/\/yuntas.eu\/wp-content\/uploads\/2025\/08\/Presentacion-Cadiz-CF.webp\" alt=\"Presentacion Cadiz CF\" class=\"wp-image-2050\" srcset=\"https:\/\/yuntas.eu\/wp-content\/uploads\/2025\/08\/Presentacion-Cadiz-CF.webp 1000w, https:\/\/yuntas.eu\/wp-content\/uploads\/2025\/08\/Presentacion-Cadiz-CF-300x173.webp 300w, https:\/\/yuntas.eu\/wp-content\/uploads\/2025\/08\/Presentacion-Cadiz-CF-768x444.webp 768w, https:\/\/yuntas.eu\/wp-content\/uploads\/2025\/08\/Presentacion-Cadiz-CF-600x347.webp 600w\" sizes=\"auto, (max-width: 1000px) 100vw, 1000px\" \/><figcaption class=\"wp-element-caption\">El Delegado de Medio Ambiente en C\u00e1diz, \u00d3scar Curtido, la Delegada de la Junta de Andaluc\u00eda en C\u00e1diz, Mercedes Colombo, el presidente del C\u00e1diz Club de Futbol, Manuel Vizca\u00edno, y el director del PN Los Alcornocales y de LIFE CO2RK Juan Manuel Fornell<\/figcaption><\/figure>\n<\/figure>\n","protected":false},"excerpt":{"rendered":"<p>LIFE CO2RK est\u00e1 manteniendo encuentros formales con empresas que operan en Andaluc\u00eda para exponerles los objetivos del proyecto, la forma en que pueden apoyarlo, y las ventajas que para ellas y para toda la sociedad tendr\u00eda su adhesi\u00f3n a Proyectos de Compensaci\u00f3n de Emisiones de CO2<\/p>\n","protected":false},"featured_media":2050,"template":"","class_list":["post-1538","acciones-co2rk","type-acciones-co2rk","status-publish","has-post-thumbnail","hentry"],"acf":[],"_links":{"self":[{"href":"https:\/\/yuntas.eu\/pt-pt\/wp-json\/wp\/v2\/acciones-co2rk\/1538","targetHints":{"allow":["GET"]}}],"collection":[{"href":"https:\/\/yuntas.eu\/pt-pt\/wp-json\/wp\/v2\/acciones-co2rk"}],"about":[{"href":"https:\/\/yuntas.eu\/pt-pt\/wp-json\/wp\/v2\/types\/acciones-co2rk"}],"wp:featuredmedia":[{"embeddable":true,"href":"https:\/\/yuntas.eu\/pt-pt\/wp-json\/wp\/v2\/media\/2050"}],"wp:attachment":[{"href":"https:\/\/yuntas.eu\/pt-pt\/wp-json\/wp\/v2\/media?parent=1538"}],"curies":[{"name":"wp","href":"https:\/\/api.w.org\/{rel}","templated":true}]}}